{"id":35,"date":"2024-10-06T18:01:15","date_gmt":"2024-10-06T16:01:15","guid":{"rendered":"https:\/\/testeban.alwaysdata.net\/wordpress\/?page_id=35"},"modified":"2024-12-17T14:39:35","modified_gmt":"2024-12-17T12:39:35","slug":"actualites","status":"publish","type":"page","link":"https:\/\/valerieaudren.fr\/index.php\/actualites\/","title":{"rendered":"Actualit\u00e9s"},"content":{"rendered":"\n<div class=\"wp-block-cover alignfull\" style=\"padding-top:2%;min-height:20rem;aspect-ratio:unset;\"><span aria-hidden=\"true\" class=\"wp-block-cover__background has-black-background-color has-background-dim-30 has-background-dim\"><\/span><img loading=\"lazy\" decoding=\"async\" width=\"1494\" height=\"1254\" class=\"wp-block-cover__image-background wp-image-213\" alt=\"\" src=\"http:\/\/testeban.alwaysdata.net\/wordpress\/wp-content\/uploads\/2024\/10\/Capture_da__eI_cran_2023-09-18_aI__15.39.41-transformed-1.png\" style=\"object-position:50% 22%\" data-object-fit=\"cover\" data-object-position=\"50% 22%\" srcset=\"https:\/\/valerieaudren.fr\/wp-content\/uploads\/2024\/10\/Capture_da__eI_cran_2023-09-18_aI__15.39.41-transformed-1.png 1494w, https:\/\/valerieaudren.fr\/wp-content\/uploads\/2024\/10\/Capture_da__eI_cran_2023-09-18_aI__15.39.41-transformed-1-300x252.png 300w, https:\/\/valerieaudren.fr\/wp-content\/uploads\/2024\/10\/Capture_da__eI_cran_2023-09-18_aI__15.39.41-transformed-1-1024x860.png 1024w, https:\/\/valerieaudren.fr\/wp-content\/uploads\/2024\/10\/Capture_da__eI_cran_2023-09-18_aI__15.39.41-transformed-1-768x645.png 768w\" sizes=\"(max-width: 1494px) 100vw, 1494px\" \/><div class=\"wp-block-cover__inner-container has-global-padding is-layout-constrained wp-container-core-cover-is-layout-1 wp-block-cover-is-layout-constrained\">\n<div class=\"wp-block-group alignwide is-vertical is-content-justification-center is-layout-flex wp-container-core-group-is-layout-2 wp-block-group-is-layout-flex\" style=\"min-height:8rem\">\n<div class=\"wp-block-group has-global-padding is-layout-constrained wp-container-core-group-is-layout-1 wp-block-group-is-layout-constrained\">\n<h2 class=\"wp-block-heading has-text-align-center montserrat has-text-color has-montserrat-font-family\" style=\"color:#ffffff;margin-top:2rem;margin-bottom:0rem;font-size:clamp(2.071rem, 2.071rem + ((1vw - 0.2rem) * 2.98), 3.71rem);font-style:normal;font-weight:400;line-height:1\">Actualit\u00e9s<\/h2>\n<\/div>\n<\/div>\n<\/div><\/div>\n\n\n\n<p><\/p>\n\n\n\n<div class=\"wp-block-group alignfull has-global-padding is-layout-constrained wp-container-core-group-is-layout-5 wp-block-group-is-layout-constrained\" style=\"padding-top:0px;padding-right:20px;padding-bottom:40px;padding-left:20px\">\n<div class=\"wp-block-group has-global-padding is-layout-constrained wp-container-core-group-is-layout-4 wp-block-group-is-layout-constrained\" style=\"padding-top:0px;padding-right:0px;padding-bottom:40px;padding-left:0px\">\n<div class=\"wp-block-group is-layout-flow wp-block-group-is-layout-flow\" style=\"margin-bottom:40px;padding-top:0px;padding-right:0px;padding-bottom:0px;padding-left:0px\">\n<div class=\"wp-block-query is-layout-flow wp-block-query-is-layout-flow\"><ul class=\"columns-1 wp-block-post-template is-layout-grid wp-container-core-post-template-is-layout-1 wp-block-post-template-is-layout-grid\"><li class=\"wp-block-post post-981 post type-post status-publish format-standard hentry category-actualite\">\n\n<div class=\"wp-block-columns is-layout-flex wp-container-core-columns-is-layout-1 wp-block-columns-is-layout-flex\">\n<div class=\"wp-block-column is-layout-flow wp-block-column-is-layout-flow\" style=\"flex-basis:490px\"><\/div>\n\n\n\n<div class=\"wp-block-column is-layout-flow wp-container-core-column-is-layout-2 wp-block-column-is-layout-flow\" style=\"padding-top:0px;flex-basis:66.66%\"><div style=\"color:#959e95;font-size:12px;font-style:normal;font-weight:700;text-decoration:none;text-transform:uppercase;letter-spacing:1px\" class=\"taxonomy-category has-link-color wp-elements-07f88f700105784f2ca557c4fb652f79 wp-block-post-terms has-text-color\"><a href=\"https:\/\/valerieaudren.fr\/index.php\/category\/actualite\/\" rel=\"tag\">Actualit\u00e9<\/a><\/div>\n\n<h2 style=\"color:#242925; font-size:clamp(1.13rem, 1.13rem + ((1vw - 0.2rem) * 1.164), 1.77rem); margin-bottom:15px;margin-top:10px;\" class=\"has-link-color wp-elements-122b8d34f316670f17664863fc79ad6e wp-block-post-title has-text-color has-montserrat-font-family\"><a href=\"https:\/\/valerieaudren.fr\/index.php\/2026\/01\/08\/un-beau-documentaire-arte-a-visionner\/\" target=\"_self\" >Un beau documentaire !<\/a><\/h2>\n\n<div style=\"color:#242925; font-size:14px; margin-top:0px;margin-right:0px;margin-bottom:0px;margin-left:0px;\" class=\"has-link-color wp-elements-57b5181e5fe5061d5394318ec9299240 wp-block-post-date has-text-color has-lato-font-family\"><time datetime=\"2026-01-08T13:58:23+02:00\">8 janvier 2026<\/time><\/div>\n\n<div style=\"color:#242925; font-size:clamp(14px, 0.875rem + ((1vw - 3.2px) * 0.227), 16px);\" class=\"has-link-color wp-elements-7866d3d8e755fedcf47c4ee8ec83c348 wp-block-post-excerpt has-text-color has-lato-font-family\"><p class=\"wp-block-post-excerpt__excerpt\">Ce documentaire donne la parole aux th\u00e9rapeutes et aux patients. Chacun dit ce que c&rsquo;est pour lui, d&rsquo;exercer et d&rsquo;aller en th\u00e9rapie. Bon visionnage \u00e0 vous tous et toutes . Au plaisir de vous retrouver dans cette belle aventure qu&rsquo;est\u2026 <\/p><\/div><\/div>\n<\/div>\n\n\n\n<hr class=\"wp-block-separator has-text-color has-alpha-channel-opacity has-background is-style-wide\" style=\"margin-top:50px;margin-bottom:50px;background-color:#ebe9e9;color:#ebe9e9\"\/>\n\n<\/li><li class=\"wp-block-post post-942 post type-post status-publish format-standard hentry category-actualite\">\n\n<div class=\"wp-block-columns is-layout-flex wp-container-core-columns-is-layout-2 wp-block-columns-is-layout-flex\">\n<div class=\"wp-block-column is-layout-flow wp-block-column-is-layout-flow\" style=\"flex-basis:490px\"><\/div>\n\n\n\n<div class=\"wp-block-column is-layout-flow wp-container-core-column-is-layout-4 wp-block-column-is-layout-flow\" style=\"padding-top:0px;flex-basis:66.66%\"><div style=\"color:#959e95;font-size:12px;font-style:normal;font-weight:700;text-decoration:none;text-transform:uppercase;letter-spacing:1px\" class=\"taxonomy-category has-link-color wp-elements-07f88f700105784f2ca557c4fb652f79 wp-block-post-terms has-text-color\"><a href=\"https:\/\/valerieaudren.fr\/index.php\/category\/actualite\/\" rel=\"tag\">Actualit\u00e9<\/a><\/div>\n\n<h2 style=\"color:#242925; font-size:clamp(1.13rem, 1.13rem + ((1vw - 0.2rem) * 1.164), 1.77rem); margin-bottom:15px;margin-top:10px;\" class=\"has-link-color wp-elements-122b8d34f316670f17664863fc79ad6e wp-block-post-title has-text-color has-montserrat-font-family\"><a href=\"https:\/\/valerieaudren.fr\/index.php\/2025\/08\/24\/stage-imago-generations-en-dialogue\/\" target=\"_self\" >Stage Imago  \u00ab\u00a0 G\u00e9n\u00e9rations en dialogue\u00a0\u00bb<\/a><\/h2>\n\n<div style=\"color:#242925; font-size:14px; margin-top:0px;margin-right:0px;margin-bottom:0px;margin-left:0px;\" class=\"has-link-color wp-elements-57b5181e5fe5061d5394318ec9299240 wp-block-post-date has-text-color has-lato-font-family\"><time datetime=\"2025-08-24T14:42:37+02:00\">24 ao\u00fbt 2025<\/time><\/div>\n\n<div style=\"color:#242925; font-size:clamp(14px, 0.875rem + ((1vw - 3.2px) * 0.227), 16px);\" class=\"has-link-color wp-elements-7866d3d8e755fedcf47c4ee8ec83c348 wp-block-post-excerpt has-text-color has-lato-font-family\"><p class=\"wp-block-post-excerpt__excerpt\">Je ressens une joie immense d\u2019avoir pu assister mes coll\u00e8gues Mich\u00e8le et Marc Spina sur ce si beau stage. Merci \u00e0 eux pour leur acceuil et leur confiance. Bravo aux participants pour leur courage, \u00e0 avoir \u00e9t\u00e9 au rendez vous\u2026 <\/p><\/div><\/div>\n<\/div>\n\n\n\n<hr class=\"wp-block-separator has-text-color has-alpha-channel-opacity has-background is-style-wide\" style=\"margin-top:50px;margin-bottom:50px;background-color:#ebe9e9;color:#ebe9e9\"\/>\n\n<\/li><li class=\"wp-block-post post-927 post type-post status-publish format-standard has-post-thumbnail hentry category-actualite\">\n\n<div class=\"wp-block-columns is-layout-flex wp-container-core-columns-is-layout-3 wp-block-columns-is-layout-flex\">\n<div class=\"wp-block-column is-layout-flow wp-block-column-is-layout-flow\" style=\"flex-basis:490px\"><figure style=\"height:270px;\" class=\"wp-block-post-featured-image\"><a href=\"https:\/\/valerieaudren.fr\/index.php\/2025\/03\/30\/assistanat-de-stage-de-couple-une-nouvelle-etape-pour-moi\/\" target=\"_self\"  style=\"height:270px\"><img loading=\"lazy\" decoding=\"async\" width=\"952\" height=\"530\" src=\"https:\/\/valerieaudren.fr\/wp-content\/uploads\/2025\/03\/Capture-de\u0301cran-2025-03-30-a\u0300-16.19.20.png\" class=\"attachment-post-thumbnail size-post-thumbnail wp-post-image\" alt=\"Assistanat de stage de couple!\" style=\"border-radius:10px;height:270px;object-fit:cover;\" srcset=\"https:\/\/valerieaudren.fr\/wp-content\/uploads\/2025\/03\/Capture-de\u0301cran-2025-03-30-a\u0300-16.19.20.png 952w, https:\/\/valerieaudren.fr\/wp-content\/uploads\/2025\/03\/Capture-de\u0301cran-2025-03-30-a\u0300-16.19.20-300x167.png 300w, https:\/\/valerieaudren.fr\/wp-content\/uploads\/2025\/03\/Capture-de\u0301cran-2025-03-30-a\u0300-16.19.20-768x428.png 768w\" sizes=\"(max-width: 952px) 100vw, 952px\" \/><\/a><\/figure><\/div>\n\n\n\n<div class=\"wp-block-column is-layout-flow wp-container-core-column-is-layout-6 wp-block-column-is-layout-flow\" style=\"padding-top:0px;flex-basis:66.66%\"><div style=\"color:#959e95;font-size:12px;font-style:normal;font-weight:700;text-decoration:none;text-transform:uppercase;letter-spacing:1px\" class=\"taxonomy-category has-link-color wp-elements-07f88f700105784f2ca557c4fb652f79 wp-block-post-terms has-text-color\"><a href=\"https:\/\/valerieaudren.fr\/index.php\/category\/actualite\/\" rel=\"tag\">Actualit\u00e9<\/a><\/div>\n\n<h2 style=\"color:#242925; font-size:clamp(1.13rem, 1.13rem + ((1vw - 0.2rem) * 1.164), 1.77rem); margin-bottom:15px;margin-top:10px;\" class=\"has-link-color wp-elements-122b8d34f316670f17664863fc79ad6e wp-block-post-title has-text-color has-montserrat-font-family\"><a href=\"https:\/\/valerieaudren.fr\/index.php\/2025\/03\/30\/assistanat-de-stage-de-couple-une-nouvelle-etape-pour-moi\/\" target=\"_self\" >Assistanat de stage de couple!<\/a><\/h2>\n\n<div style=\"color:#242925; font-size:14px; margin-top:0px;margin-right:0px;margin-bottom:0px;margin-left:0px;\" class=\"has-link-color wp-elements-57b5181e5fe5061d5394318ec9299240 wp-block-post-date has-text-color has-lato-font-family\"><time datetime=\"2025-03-30T16:22:20+02:00\">30 mars 2025<\/time><\/div>\n\n<div style=\"color:#242925; font-size:clamp(14px, 0.875rem + ((1vw - 3.2px) * 0.227), 16px);\" class=\"has-link-color wp-elements-7866d3d8e755fedcf47c4ee8ec83c348 wp-block-post-excerpt has-text-color has-lato-font-family\"><p class=\"wp-block-post-excerpt__excerpt\">Je me r\u00e9jouis de rejoindre, semaine prochaine sur Nantes, mes coll\u00e8gues exp\u00e9riment\u00e9s Imago, S\u00e9gol\u00e8ne Dalzon et Vincent Dalzon, pour les assister lors de leur prochain stage de couples. Voici le lien qui vous explique tout sur ce bel outil relationnel\u2026 <\/p><\/div><\/div>\n<\/div>\n\n\n\n<hr class=\"wp-block-separator has-text-color has-alpha-channel-opacity has-background is-style-wide\" style=\"margin-top:50px;margin-bottom:50px;background-color:#ebe9e9;color:#ebe9e9\"\/>\n\n<\/li><li class=\"wp-block-post post-894 post type-post status-publish format-standard has-post-thumbnail hentry category-actualite\">\n\n<div class=\"wp-block-columns is-layout-flex wp-container-core-columns-is-layout-4 wp-block-columns-is-layout-flex\">\n<div class=\"wp-block-column is-layout-flow wp-block-column-is-layout-flow\" style=\"flex-basis:490px\"><figure style=\"height:270px;\" class=\"wp-block-post-featured-image\"><a href=\"https:\/\/valerieaudren.fr\/index.php\/2024\/12\/23\/article-de-presse-2\/\" target=\"_self\"  style=\"height:270px\"><img loading=\"lazy\" decoding=\"async\" width=\"2560\" height=\"2280\" src=\"https:\/\/valerieaudren.fr\/wp-content\/uploads\/2024\/12\/IMG_0542-2-scaled.jpeg\" class=\"attachment-post-thumbnail size-post-thumbnail wp-post-image\" alt=\"Article de presse\" style=\"border-radius:10px;height:270px;object-fit:cover;\" srcset=\"https:\/\/valerieaudren.fr\/wp-content\/uploads\/2024\/12\/IMG_0542-2-scaled.jpeg 2560w, https:\/\/valerieaudren.fr\/wp-content\/uploads\/2024\/12\/IMG_0542-2-300x267.jpeg 300w, https:\/\/valerieaudren.fr\/wp-content\/uploads\/2024\/12\/IMG_0542-2-1024x912.jpeg 1024w, https:\/\/valerieaudren.fr\/wp-content\/uploads\/2024\/12\/IMG_0542-2-768x684.jpeg 768w, https:\/\/valerieaudren.fr\/wp-content\/uploads\/2024\/12\/IMG_0542-2-1536x1368.jpeg 1536w, https:\/\/valerieaudren.fr\/wp-content\/uploads\/2024\/12\/IMG_0542-2-2048x1824.jpeg 2048w\" sizes=\"(max-width: 2560px) 100vw, 2560px\" \/><\/a><\/figure><\/div>\n\n\n\n<div class=\"wp-block-column is-layout-flow wp-container-core-column-is-layout-8 wp-block-column-is-layout-flow\" style=\"padding-top:0px;flex-basis:66.66%\"><div style=\"color:#959e95;font-size:12px;font-style:normal;font-weight:700;text-decoration:none;text-transform:uppercase;letter-spacing:1px\" class=\"taxonomy-category has-link-color wp-elements-07f88f700105784f2ca557c4fb652f79 wp-block-post-terms has-text-color\"><a href=\"https:\/\/valerieaudren.fr\/index.php\/category\/actualite\/\" rel=\"tag\">Actualit\u00e9<\/a><\/div>\n\n<h2 style=\"color:#242925; font-size:clamp(1.13rem, 1.13rem + ((1vw - 0.2rem) * 1.164), 1.77rem); margin-bottom:15px;margin-top:10px;\" class=\"has-link-color wp-elements-122b8d34f316670f17664863fc79ad6e wp-block-post-title has-text-color has-montserrat-font-family\"><a href=\"https:\/\/valerieaudren.fr\/index.php\/2024\/12\/23\/article-de-presse-2\/\" target=\"_self\" >Article de presse<\/a><\/h2>\n\n<div style=\"color:#242925; font-size:14px; margin-top:0px;margin-right:0px;margin-bottom:0px;margin-left:0px;\" class=\"has-link-color wp-elements-57b5181e5fe5061d5394318ec9299240 wp-block-post-date has-text-color has-lato-font-family\"><time datetime=\"2024-12-23T01:32:15+02:00\">23 d\u00e9cembre 2024<\/time><\/div>\n\n<div style=\"color:#242925; font-size:clamp(14px, 0.875rem + ((1vw - 3.2px) * 0.227), 16px);\" class=\"has-link-color wp-elements-7866d3d8e755fedcf47c4ee8ec83c348 wp-block-post-excerpt has-text-color has-lato-font-family\"><p class=\"wp-block-post-excerpt__excerpt\">Merci \u00e0 la commune de Batz-sur-mer pour ce bel article! Je suis heureuse de r\u00e9pondre aux besoins de notre presqu&rsquo;\u00eele! Au plaisir de vous rencontrer et de recevoir. De bonnes f\u00eates \u00e0 tous et toutes. <\/p><\/div><\/div>\n<\/div>\n\n\n\n<hr class=\"wp-block-separator has-text-color has-alpha-channel-opacity has-background is-style-wide\" style=\"margin-top:50px;margin-bottom:50px;background-color:#ebe9e9;color:#ebe9e9\"\/>\n\n<\/li><li class=\"wp-block-post post-712 post type-post status-publish format-standard has-post-thumbnail hentry category-actualite\">\n\n<div class=\"wp-block-columns is-layout-flex wp-container-core-columns-is-layout-5 wp-block-columns-is-layout-flex\">\n<div class=\"wp-block-column is-layout-flow wp-block-column-is-layout-flow\" style=\"flex-basis:490px\"><figure style=\"height:270px;\" class=\"wp-block-post-featured-image\"><a href=\"https:\/\/valerieaudren.fr\/index.php\/2024\/11\/19\/nouvel-affichage\/\" target=\"_self\"  style=\"height:270px\"><img loading=\"lazy\" decoding=\"async\" width=\"2227\" height=\"1664\" src=\"https:\/\/valerieaudren.fr\/wp-content\/uploads\/2024\/11\/IMG_0257-scaled-e1732028211337.jpg\" class=\"attachment-post-thumbnail size-post-thumbnail wp-post-image\" alt=\"Nouvel affichage\" style=\"border-radius:10px;height:270px;object-fit:cover;\" srcset=\"https:\/\/valerieaudren.fr\/wp-content\/uploads\/2024\/11\/IMG_0257-scaled-e1732028211337.jpg 2227w, https:\/\/valerieaudren.fr\/wp-content\/uploads\/2024\/11\/IMG_0257-scaled-e1732028211337-300x224.jpg 300w, https:\/\/valerieaudren.fr\/wp-content\/uploads\/2024\/11\/IMG_0257-scaled-e1732028211337-1024x765.jpg 1024w, https:\/\/valerieaudren.fr\/wp-content\/uploads\/2024\/11\/IMG_0257-scaled-e1732028211337-768x574.jpg 768w, https:\/\/valerieaudren.fr\/wp-content\/uploads\/2024\/11\/IMG_0257-scaled-e1732028211337-1536x1148.jpg 1536w, https:\/\/valerieaudren.fr\/wp-content\/uploads\/2024\/11\/IMG_0257-scaled-e1732028211337-2048x1530.jpg 2048w\" sizes=\"(max-width: 2227px) 100vw, 2227px\" \/><\/a><\/figure><\/div>\n\n\n\n<div class=\"wp-block-column is-layout-flow wp-container-core-column-is-layout-10 wp-block-column-is-layout-flow\" style=\"padding-top:0px;flex-basis:66.66%\"><div style=\"color:#959e95;font-size:12px;font-style:normal;font-weight:700;text-decoration:none;text-transform:uppercase;letter-spacing:1px\" class=\"taxonomy-category has-link-color wp-elements-07f88f700105784f2ca557c4fb652f79 wp-block-post-terms has-text-color\"><a href=\"https:\/\/valerieaudren.fr\/index.php\/category\/actualite\/\" rel=\"tag\">Actualit\u00e9<\/a><\/div>\n\n<h2 style=\"color:#242925; font-size:clamp(1.13rem, 1.13rem + ((1vw - 0.2rem) * 1.164), 1.77rem); margin-bottom:15px;margin-top:10px;\" class=\"has-link-color wp-elements-122b8d34f316670f17664863fc79ad6e wp-block-post-title has-text-color has-montserrat-font-family\"><a href=\"https:\/\/valerieaudren.fr\/index.php\/2024\/11\/19\/nouvel-affichage\/\" target=\"_self\" >Nouvel affichage<\/a><\/h2>\n\n<div style=\"color:#242925; font-size:14px; margin-top:0px;margin-right:0px;margin-bottom:0px;margin-left:0px;\" class=\"has-link-color wp-elements-57b5181e5fe5061d5394318ec9299240 wp-block-post-date has-text-color has-lato-font-family\"><time datetime=\"2024-11-19T16:54:48+02:00\">19 novembre 2024<\/time><\/div>\n\n<div style=\"color:#242925; font-size:clamp(14px, 0.875rem + ((1vw - 3.2px) * 0.227), 16px);\" class=\"has-link-color wp-elements-7866d3d8e755fedcf47c4ee8ec83c348 wp-block-post-excerpt has-text-color has-lato-font-family\"><p class=\"wp-block-post-excerpt__excerpt\">Je suis tr\u00e8s heureuse que ma nouvelle plaque soit arriv\u00e9e ! <\/p><\/div><\/div>\n<\/div>\n\n\n\n<hr class=\"wp-block-separator has-text-color has-alpha-channel-opacity has-background is-style-wide\" style=\"margin-top:50px;margin-bottom:50px;background-color:#ebe9e9;color:#ebe9e9\"\/>\n\n<\/li><li class=\"wp-block-post post-501 post type-post status-publish format-standard has-post-thumbnail hentry category-actualite\">\n\n<div class=\"wp-block-columns is-layout-flex wp-container-core-columns-is-layout-6 wp-block-columns-is-layout-flex\">\n<div class=\"wp-block-column is-layout-flow wp-block-column-is-layout-flow\" style=\"flex-basis:490px\"><figure style=\"height:270px;\" class=\"wp-block-post-featured-image\"><a href=\"https:\/\/valerieaudren.fr\/index.php\/2024\/11\/05\/article-de-presse\/\" target=\"_self\"  style=\"height:270px\"><img loading=\"lazy\" decoding=\"async\" width=\"2376\" height=\"2560\" src=\"https:\/\/valerieaudren.fr\/wp-content\/uploads\/2024\/10\/IMG_9837-scaled.jpg\" class=\"attachment-post-thumbnail size-post-thumbnail wp-post-image\" alt=\"Article de presse\" style=\"border-radius:10px;height:270px;object-fit:cover;\" srcset=\"https:\/\/valerieaudren.fr\/wp-content\/uploads\/2024\/10\/IMG_9837-scaled.jpg 2376w, https:\/\/valerieaudren.fr\/wp-content\/uploads\/2024\/10\/IMG_9837-278x300.jpg 278w, https:\/\/valerieaudren.fr\/wp-content\/uploads\/2024\/10\/IMG_9837-950x1024.jpg 950w, https:\/\/valerieaudren.fr\/wp-content\/uploads\/2024\/10\/IMG_9837-768x827.jpg 768w, https:\/\/valerieaudren.fr\/wp-content\/uploads\/2024\/10\/IMG_9837-1426x1536.jpg 1426w, https:\/\/valerieaudren.fr\/wp-content\/uploads\/2024\/10\/IMG_9837-1901x2048.jpg 1901w\" sizes=\"(max-width: 2376px) 100vw, 2376px\" \/><\/a><\/figure><\/div>\n\n\n\n<div class=\"wp-block-column is-layout-flow wp-container-core-column-is-layout-12 wp-block-column-is-layout-flow\" style=\"padding-top:0px;flex-basis:66.66%\"><div style=\"color:#959e95;font-size:12px;font-style:normal;font-weight:700;text-decoration:none;text-transform:uppercase;letter-spacing:1px\" class=\"taxonomy-category has-link-color wp-elements-07f88f700105784f2ca557c4fb652f79 wp-block-post-terms has-text-color\"><a href=\"https:\/\/valerieaudren.fr\/index.php\/category\/actualite\/\" rel=\"tag\">Actualit\u00e9<\/a><\/div>\n\n<h2 style=\"color:#242925; font-size:clamp(1.13rem, 1.13rem + ((1vw - 0.2rem) * 1.164), 1.77rem); margin-bottom:15px;margin-top:10px;\" class=\"has-link-color wp-elements-122b8d34f316670f17664863fc79ad6e wp-block-post-title has-text-color has-montserrat-font-family\"><a href=\"https:\/\/valerieaudren.fr\/index.php\/2024\/11\/05\/article-de-presse\/\" target=\"_self\" >Article de presse<\/a><\/h2>\n\n<div style=\"color:#242925; font-size:14px; margin-top:0px;margin-right:0px;margin-bottom:0px;margin-left:0px;\" class=\"has-link-color wp-elements-57b5181e5fe5061d5394318ec9299240 wp-block-post-date has-text-color has-lato-font-family\"><time datetime=\"2024-11-05T16:14:55+02:00\">5 novembre 2024<\/time><\/div>\n\n<div style=\"color:#242925; font-size:clamp(14px, 0.875rem + ((1vw - 3.2px) * 0.227), 16px);\" class=\"has-link-color wp-elements-7866d3d8e755fedcf47c4ee8ec83c348 wp-block-post-excerpt has-text-color has-lato-font-family\"><p class=\"wp-block-post-excerpt__excerpt\">Merci \u00e0 David Ballay pour l&rsquo;\u00e9criture de son article paru dans le journal Ouest France ! <\/p><\/div><\/div>\n<\/div>\n\n\n\n<hr class=\"wp-block-separator has-text-color has-alpha-channel-opacity has-background is-style-wide\" style=\"margin-top:50px;margin-bottom:50px;background-color:#ebe9e9;color:#ebe9e9\"\/>\n\n<\/li><\/ul>\n\n<\/div>\n<\/div>\n<\/div>\n<\/div>\n","protected":false},"excerpt":{"rendered":"","protected":false},"author":1,"featured_media":0,"parent":0,"menu_order":0,"comment_status":"closed","ping_status":"closed","template":"","meta":{"footnotes":""},"class_list":["post-35","page","type-page","status-publish","hentry"],"_links":{"self":[{"href":"https:\/\/valerieaudren.fr\/index.php\/wp-json\/wp\/v2\/pages\/35"}],"collection":[{"href":"https:\/\/valerieaudren.fr\/index.php\/wp-json\/wp\/v2\/pages"}],"about":[{"href":"https:\/\/valerieaudren.fr\/index.php\/wp-json\/wp\/v2\/types\/page"}],"author":[{"embeddable":true,"href":"https:\/\/valerieaudren.fr\/index.php\/wp-json\/wp\/v2\/users\/1"}],"replies":[{"embeddable":true,"href":"https:\/\/valerieaudren.fr\/index.php\/wp-json\/wp\/v2\/comments?post=35"}],"version-history":[{"count":11,"href":"https:\/\/valerieaudren.fr\/index.php\/wp-json\/wp\/v2\/pages\/35\/revisions"}],"predecessor-version":[{"id":932,"href":"https:\/\/valerieaudren.fr\/index.php\/wp-json\/wp\/v2\/pages\/35\/revisions\/932"}],"wp:attachment":[{"href":"https:\/\/valerieaudren.fr\/index.php\/wp-json\/wp\/v2\/media?parent=35"}],"curies":[{"name":"wp","href":"https:\/\/api.w.org\/{rel}","templated":true}]}}